{"id":36,"date":"2015-02-02T18:52:07","date_gmt":"2015-02-02T17:52:07","guid":{"rendered":"https:\/\/www.bebemarques.fr\/blog\/?page_id=36"},"modified":"2015-03-25T17:11:58","modified_gmt":"2015-03-25T16:11:58","slug":"a-propos","status":"publish","type":"page","link":"https:\/\/www.bebemarques.fr\/blog\/a-propos\/","title":{"rendered":"A propos"},"content":{"rendered":"<p><img loading=\"lazy\" decoding=\"async\" class=\"alignright size-full wp-image-164 img-responsive\" src=\"https:\/\/www.bebemarques.fr\/blog\/wp\/wp-content\/uploads\/2015\/02\/isa.jpg\" alt=\"isa\" width=\"400\" height=\"409\" srcset=\"https:\/\/www.bebemarques.fr\/blog\/wp\/wp-content\/uploads\/2015\/02\/isa.jpg 400w, https:\/\/www.bebemarques.fr\/blog\/wp\/wp-content\/uploads\/2015\/02\/isa-293x300.jpg 293w\" sizes=\"(max-width: 400px) 100vw, 400px\" \/>Bonjour \u00e0 toutes&#8230; et tous,<\/p>\n<p>Je m\u2019appelle Isabelle et je suis maman de trois filles \u00e2g\u00e9es de 15, 13 et 10 ans.<\/p>\n<p>J\u2019ai travaill\u00e9 pendant 19 ans dans un laboratoire pharmaceutique o\u00f9 <strong>j\u2019ai \u00e9t\u00e9 en relation avec les gyn\u00e9cologues et les sages-femmes pendant 11 ans<\/strong>.<\/p>\n<p>En pleine reconversion professionnelle, j\u2019ai d\u00e9cid\u00e9 d\u2019\u00e9crire ce blog pour partager, avec vous, <strong>vos doutes et vos questions sur la maternit\u00e9<\/strong>.<\/p>\n<p>Pendant ma premi\u00e8re grossesse, j\u2019ai \u00e9t\u00e9 suivie pour mes rendez-vous mensuels obligatoires \u00e0 partir du 6\u00e8me mois, par un gyn\u00e9cologue de l\u2019h\u00f4pital o\u00f9 j\u2019allais accoucher. Ce gyn\u00e9cologue \u00e9tait tellement press\u00e9, car d\u00e9bord\u00e9 de travail, que je n\u2019avais pas le temps, ni l\u2019envie, de lui poser des questions sur ma grossesse ou mon futur accouchement.<\/p>\n<p>Heureusement, mes deux grandes s\u0153urs (qui avaient d\u00e9j\u00e0 des enfants) m\u2019ont beaucoup soutenu pendant cette p\u00e9riode. Elles ont r\u00e9pondu \u00e0 beaucoup de mes pr\u00e9occupations de future maman.<\/p>\n<h2>Mais toutes les femmes enceintes n\u2019ont pas forc\u00e9ment la chance d\u2019avoir des grandes s\u0153urs pour r\u00e9pondre \u00e0 leurs questions !<\/h2>\n<p><strong>C\u2019est pour cette raison que j\u2019ai d\u00e9cid\u00e9 d\u2019\u00e9crire ce blog. Nous faisons des \u00e9tudes pour apprendre un m\u00e9tier, mais pas pour apprendre \u00e0 \u00eatre parents: aucun mode d\u2019emploi sur l\u2019arriv\u00e9e \u00e0 la maison de b\u00e9b\u00e9.<\/strong><\/p>\n<p>Forte de mon exp\u00e9rience personnelle et professionnelle, je souhaite vous apporter \u00e0 travers ce blog des conseils, des informations et des r\u00e9ponses \u00e0 vos questions allant du d\u00e9sir de grossesse jusqu\u2019aux premi\u00e8res ann\u00e9es de votre enfant, en passant par la grossesse, l\u2019accouchement, le post-partum et les premiers mois de b\u00e9b\u00e9.<\/p>\n<p>J\u2019esp\u00e8re que ce blog sera une aide pour vous, mais sachez qu\u2019il ne remplacera pas l\u2019avis de votre m\u00e9decin ou de votre sage-femme.<\/p>\n<p style=\"text-align: right;\"><em>Isabelle<\/em><\/p>\n<h2><\/h2>\n<h2>Mentions l\u00e9gales<\/h2>\n<p>Le site bebemarques.fr est \u00e9dit\u00e9 par la soci\u00e9t\u00e9 :<\/p>\n<p>BEBEMARQUES<br \/>\n1 rue du Montquignon<br \/>\n78124 Montainville<\/p>\n<p>Responsable de publication : Isabelle Perrotte<\/p>\n<p>Hebergement du site : <a title=\"Conception du blog bebemarques par AxeNet\" href=\"\/blog\/axenet\/\">AxeNet<\/a><\/p>\n<h2>Propri\u00e9t\u00e9 intellectuelle<\/h2>\n<p>Toutes les publications sont prot\u00e9g\u00e9es par le code de la propri\u00e9t\u00e9 intellectuelle. Les copies et contrefa\u00e7ons entraineront des poursuites.<\/p>\n<h2>Vie priv\u00e9e et cookies<\/h2>\n<p>Afin de respecter votre vie priv\u00e9e, le site bebemarques.fr n&rsquo;utilise aucun cookies comportementaux tels que d\u00e9fini par la CNIL.<br \/>\n<iframe loading=\"lazy\" style=\"border: 0; height: 200px; width: 600px;\" src=\"http:\/\/www.stat-axenet.fr\/client\/index.php?module=CoreAdminHome&amp;action=optOut&amp;language=fr\" width=\"300\" height=\"150\"><\/iframe><\/p>\n","protected":false},"excerpt":{"rendered":"<p>Bonjour \u00e0 toutes&#8230; et tous, Je m\u2019appelle Isabelle et je suis maman de trois filles \u00e2g\u00e9es de 15, 13 et 10 ans. J\u2019ai travaill\u00e9 pendant 19 ans dans un laboratoire pharmaceutique o\u00f9 j\u2019ai \u00e9t\u00e9 en relation avec les gyn\u00e9cologues et les sages-femmes pendant 11 ans. En pleine reconversion professionnelle, j\u2019ai d\u00e9cid\u00e9 d\u2019\u00e9crire ce blog pour [&hellip;]<\/p>\n","protected":false},"author":1,"featured_media":0,"parent":0,"menu_order":0,"comment_status":"closed","ping_status":"closed","template":"","meta":{"footnotes":""},"_links":{"self":[{"href":"https:\/\/www.bebemarques.fr\/blog\/wp-json\/wp\/v2\/pages\/36"}],"collection":[{"href":"https:\/\/www.bebemarques.fr\/blog\/wp-json\/wp\/v2\/pages"}],"about":[{"href":"https:\/\/www.bebemarques.fr\/blog\/wp-json\/wp\/v2\/types\/page"}],"author":[{"embeddable":true,"href":"https:\/\/www.bebemarques.fr\/blog\/wp-json\/wp\/v2\/users\/1"}],"replies":[{"embeddable":true,"href":"https:\/\/www.bebemarques.fr\/blog\/wp-json\/wp\/v2\/comments?post=36"}],"version-history":[{"count":0,"href":"https:\/\/www.bebemarques.fr\/blog\/wp-json\/wp\/v2\/pages\/36\/revisions"}],"wp:attachment":[{"href":"https:\/\/www.bebemarques.fr\/blog\/wp-json\/wp\/v2\/media?parent=36"}],"curies":[{"name":"wp","href":"https:\/\/api.w.org\/{rel}","templated":true}]}}